{"id":734,"date":"2013-04-01T15:37:54","date_gmt":"2013-04-01T15:37:54","guid":{"rendered":"http:\/\/www.kriesi.at\/themes\/enfold\/?page_id=734"},"modified":"2022-11-24T12:16:16","modified_gmt":"2022-11-24T12:16:16","slug":"homepage","status":"publish","type":"page","link":"https:\/\/web.sanjuan.gob.ar\/capacitacion\/","title":{"rendered":"Homepage"},"content":{"rendered":"\n<style type=\"text\/css\" data-created_by=\"avia_inline_auto\" id=\"style-css-av-ktbnfv1o-0382aa2dfdcca258a69464ff6a0412b9\">\n.avia-section.av-ktbnfv1o-0382aa2dfdcca258a69464ff6a0412b9{\nbackground-repeat:no-repeat;\nbackground-image:url(https:\/\/web.sanjuan.gob.ar\/capacitacion\/wp-content\/uploads\/sites\/14\/2022\/11\/Imagen-2-1500x1125.jpg);\nbackground-position:0% 50%;\nbackground-attachment:scroll;\n}\n.avia-section.av-ktbnfv1o-0382aa2dfdcca258a69464ff6a0412b9 .av-section-color-overlay{\nopacity:0.7;\nbackground-color:#83252c;\n}\n<\/style>\n<div id='av_section_1'  class='avia-section av-ktbnfv1o-0382aa2dfdcca258a69464ff6a0412b9 main_color avia-section-default avia-no-border-styling  avia-builder-el-0  el_before_av_one_third  avia-builder-el-first  avia-full-stretch avia-bg-style-scroll av-section-color-overlay-active av-minimum-height av-minimum-height-40 av-height-percent  container_wrap sidebar_right'  data-section-bg-repeat='stretch' data-av_minimum_height_pc='40' data-av_min_height_opt='percent'><div class=\"av-section-color-overlay-wrap\"><div class=\"av-section-color-overlay\"><\/div><div class='container av-section-cont-open' ><main  role=\"main\" itemprop=\"mainContentOfPage\"  class='template-page content  av-content-small alpha units'><div class='post-entry post-entry-type-page post-entry-734'><div class='entry-content-wrapper clearfix'>\n\n<style type=\"text\/css\" data-created_by=\"avia_inline_auto\" id=\"style-css-av-ktc5j3y3-b1bbbfec9f72cc1307a19a1348352713\">\n.flex_column.av-ktc5j3y3-b1bbbfec9f72cc1307a19a1348352713{\nborder-radius:10px 10px 10px 10px;\npadding:10px 10px 10px 10px;\nbackground:url(https:\/\/web.sanjuan.gob.ar\/capacitacion\/wp-content\/uploads\/sites\/14\/2021\/09\/rect_trans_rojo.png) 0% 0% no-repeat scroll ;\n}\n<\/style>\n<div  class='flex_column av-ktc5j3y3-b1bbbfec9f72cc1307a19a1348352713 av_two_fifth  avia-builder-el-1  avia-builder-el-no-sibling  first flex_column_div avia-full-stretch  '     ><p>\n<style type=\"text\/css\" data-created_by=\"avia_inline_auto\" id=\"style-css-av-lav0gfli-e3a4c6ea1d3b693035ce359d2026c642\">\n#top .av-special-heading.av-lav0gfli-e3a4c6ea1d3b693035ce359d2026c642{\npadding-bottom:10px;\ncolor:#ffffff;\n}\nbody .av-special-heading.av-lav0gfli-e3a4c6ea1d3b693035ce359d2026c642 .av-special-heading-tag .heading-char{\nfont-size:25px;\n}\n.av-special-heading.av-lav0gfli-e3a4c6ea1d3b693035ce359d2026c642 .special-heading-inner-border{\nborder-color:#ffffff;\n}\n.av-special-heading.av-lav0gfli-e3a4c6ea1d3b693035ce359d2026c642 .av-subheading{\nfont-size:15px;\n}\n<\/style>\n<div  class='av-special-heading av-lav0gfli-e3a4c6ea1d3b693035ce359d2026c642 av-special-heading-h2 custom-color-heading  avia-builder-el-2  el_before_av_heading  avia-builder-el-first '><h2 class='av-special-heading-tag '  itemprop=\"headline\"  >\u00c1rea Capacitaci\u00f3n<\/h2><div class=\"special-heading-border\"><div class=\"special-heading-inner-border\"><\/div><\/div><\/div><br \/>\n\n<style type=\"text\/css\" data-created_by=\"avia_inline_auto\" id=\"style-css-av-lav0eupp-ddfb3e9e93003d182062d3ea4850e6f7\">\n#top .av-special-heading.av-lav0eupp-ddfb3e9e93003d182062d3ea4850e6f7{\npadding-bottom:10px;\ncolor:#ffffff;\n}\nbody .av-special-heading.av-lav0eupp-ddfb3e9e93003d182062d3ea4850e6f7 .av-special-heading-tag .heading-char{\nfont-size:25px;\n}\n.av-special-heading.av-lav0eupp-ddfb3e9e93003d182062d3ea4850e6f7 .special-heading-inner-border{\nborder-color:#ffffff;\n}\n.av-special-heading.av-lav0eupp-ddfb3e9e93003d182062d3ea4850e6f7 .av-subheading{\nfont-size:15px;\n}\n<\/style>\n<div  class='av-special-heading av-lav0eupp-ddfb3e9e93003d182062d3ea4850e6f7 av-special-heading-h3 custom-color-heading  avia-builder-el-3  el_after_av_heading  avia-builder-el-last '><h3 class='av-special-heading-tag '  itemprop=\"headline\"  >Direcci\u00f3n de Recursos Humanos y Organizaci\u00f3n del Empleo P\u00fablico<\/h3><div class=\"special-heading-border\"><div class=\"special-heading-inner-border\"><\/div><\/div><\/div><\/p><\/div>\n<\/div><\/div><\/main><!-- close content main element --><\/div><\/div><\/div><div id='after_section_1'  class='main_color av_default_container_wrap container_wrap sidebar_right'  ><div class='container av-section-cont-open' ><div class='template-page content  av-content-small alpha units'><div class='post-entry post-entry-type-page post-entry-734'><div class='entry-content-wrapper clearfix'>\n<div  class='flex_column av-8y7mzi-381f4b102399dc2530edb3ee4359a257 av_one_third  avia-builder-el-4  el_after_av_section  el_before_av_one_third  avia-builder-el-first  first flex_column_div  '     ><article  class='iconbox iconbox_left av-8ti87y-fb18a78d7c264d5d4d27633fce003d00  avia-builder-el-5  avia-builder-el-no-sibling '  itemscope=\"itemscope\" itemtype=\"https:\/\/schema.org\/CreativeWork\" ><div class=\"iconbox_content\"><header class=\"entry-content-header\" aria-label=\"Icon: Formaci\u00f3n\"><div class='iconbox_icon heading-color avia-iconfont avia-font-entypo-fontello' data-av_icon='\ue80b' data-av_iconfont='entypo-fontello'  ><\/div><h3 class='iconbox_content_title '  itemprop=\"headline\" >Formaci\u00f3n<\/h3><\/header><div class='iconbox_content_container '  itemprop=\"text\" ><p>Brindamos formaci\u00f3n para un \u00f3ptimo desarrollo personal y profesional.<\/p>\n<\/div><\/div><footer class=\"entry-footer\"><\/footer><\/article><\/div>\n<div  class='flex_column av-9r4j7i-c58a1a017adfe253568c7724887bcf15 av_one_third  avia-builder-el-6  el_after_av_one_third  el_before_av_one_third  flex_column_div  '     ><article  class='iconbox iconbox_left av-9iz8ke-75323c4c99a1492b7df65b0e4b5ec1c3  avia-builder-el-7  avia-builder-el-no-sibling '  itemscope=\"itemscope\" itemtype=\"https:\/\/schema.org\/CreativeWork\" ><div class=\"iconbox_content\"><header class=\"entry-content-header\" aria-label=\"Icon: Capacitaci\u00f3n\"><div class='iconbox_icon heading-color avia-iconfont avia-font-entypo-fontello' data-av_icon='\ue81f' data-av_iconfont='entypo-fontello'  ><\/div><h3 class='iconbox_content_title '  itemprop=\"headline\" >Capacitaci\u00f3n<\/h3><\/header><div class='iconbox_content_container '  itemprop=\"text\" ><p>Todos los cursos y capacitaciones dictados por el Estado Provincial, en un s\u00f3lo lugar.<\/p>\n<\/div><\/div><footer class=\"entry-footer\"><\/footer><\/article><\/div>\n<div  class='flex_column av-9f999i-6a78c46c67702bdd1664419096a92c29 av_one_third  avia-builder-el-8  el_after_av_one_third  el_before_av_layerslider  avia-builder-el-last  flex_column_div  '     ><article  class='iconbox iconbox_left av-956n92-9bf3d704a8d20ecb7b5b269705e31b83  avia-builder-el-9  avia-builder-el-no-sibling '  itemscope=\"itemscope\" itemtype=\"https:\/\/schema.org\/CreativeWork\" ><div class=\"iconbox_content\"><header class=\"entry-content-header\" aria-label=\"Icon: Certificaci\u00f3n\"><div class='iconbox_icon heading-color avia-iconfont avia-font-entypo-fontello' data-av_icon='\ue849' data-av_iconfont='entypo-fontello'  ><\/div><h3 class='iconbox_content_title '  itemprop=\"headline\" >Certificaci\u00f3n<\/h3><\/header><div class='iconbox_content_container '  itemprop=\"text\" ><p>Cumplimos las normas y est\u00e1ndares necesarios para el desarrollo profesional.<\/p>\n<\/div><\/div><footer class=\"entry-footer\"><\/footer><\/article><\/div>\n<\/div><\/div><\/div><!-- close content main div --><\/div><\/div><div id='layer_slider_1'  class='avia-layerslider main_color avia-shadow  avia-builder-el-10  el_after_av_one_third  el_before_av_section  slider-not-first container_wrap sidebar_right'  style='height: 471px;'  ><\/div>\n<div id='av_section_2'  class='avia-section av-8n0axa-80848aacc8860df42927c55f0bfb33bb alternate_color avia-section-large avia-shadow  avia-builder-el-11  el_after_av_layerslider  el_before_av_layerslider  avia-bg-style-scroll container_wrap sidebar_right'  ><div class='container av-section-cont-open' ><div class='template-page content  av-content-small alpha units'><div class='post-entry post-entry-type-page post-entry-734'><div class='entry-content-wrapper clearfix'>\n<div  class='flex_column av-8inu7i-6e3f20572cfe2918c2a54d021dfdcbb3 av_one_full  avia-builder-el-12  avia-builder-el-no-sibling  first flex_column_div  '     ><section  class='av_textblock_section av-8cai1a-225ae25b60919d97d4368d43c63e5818 '   itemscope=\"itemscope\" itemtype=\"https:\/\/schema.org\/CreativeWork\" ><div class='avia_textblock'  itemprop=\"text\" ><h2 style=\"text-align: center;\">Capacitaciones Disponibles<\/h2>\n<\/div><\/section><br \/>\n<div  data-slideshow-options=\"{&quot;animation&quot;:&quot;fade&quot;,&quot;autoplay&quot;:false,&quot;loop_autoplay&quot;:&quot;once&quot;,&quot;interval&quot;:5,&quot;loop_manual&quot;:&quot;manual-endless&quot;,&quot;autoplay_stopper&quot;:false,&quot;noNavigation&quot;:false,&quot;show_slide_delay&quot;:90}\" class='avia-content-slider avia-content-grid-active avia-content-slider1 avia-content-slider-even  avia-builder-el-14  el_after_av_textblock  avia-builder-el-last  av-slideshow-ui av-control-default   av-no-slider-navigation av-slideshow-manual av-loop-once av-loop-manual-endless '  itemscope=\"itemscope\" itemtype=\"https:\/\/schema.org\/Blog\" ><div class=\"avia-content-slider-inner\"><div class=\"slide-entry-wrap\"><article class='slide-entry flex_column  post-entry post-entry-4115 slide-entry-overview slide-loop-1 slide-parity-odd  av_one_fourth first real-thumbnail posttype-post post-format-standard'  itemscope=\"itemscope\" itemtype=\"https:\/\/schema.org\/CreativeWork\" ><a href='https:\/\/web.sanjuan.gob.ar\/capacitacion\/2023\/04\/24\/portal-de-capacitacion-inap-2\/' data-rel='slide-1' class='slide-image' title='Portal de Capacitaci\u00f3n &#8211; INAP'><img decoding=\"async\" fetchpriority=\"high\" width=\"260\" height=\"185\" src=\"https:\/\/web.sanjuan.gob.ar\/capacitacion\/wp-content\/uploads\/sites\/14\/2021\/11\/INAP-260x185.png\" class=\"wp-image-3878 avia-img-lazy-loading-not-3878 attachment-portfolio_small size-portfolio_small wp-post-image\" alt=\"\" srcset=\"https:\/\/web.sanjuan.gob.ar\/capacitacion\/wp-content\/uploads\/sites\/14\/2021\/11\/INAP-260x185.png 260w, https:\/\/web.sanjuan.gob.ar\/capacitacion\/wp-content\/uploads\/sites\/14\/2021\/11\/INAP-451x321.png 451w\" sizes=\"(max-width: 260px) 100vw, 260px\" \/><\/a><div class=\"slide-content\"><header class=\"entry-content-header\" aria-label=\"Slide: Portal de Capacitaci\u00f3n - INAP\"><h3 class='slide-entry-title entry-title '  itemprop=\"headline\" ><a href='https:\/\/web.sanjuan.gob.ar\/capacitacion\/2023\/04\/24\/portal-de-capacitacion-inap-2\/' title='Portal de Capacitaci\u00f3n &#8211; INAP'>Portal de Capacitaci\u00f3n &#8211; INAP<\/a><\/h3><span class=\"av-vertical-delimiter\"><\/span><\/header><\/div><footer class=\"entry-footer\"><\/footer><span class='hidden'>\n\t\t\t\t<span class='av-structured-data'  itemprop=\"image\" itemscope=\"itemscope\" itemtype=\"https:\/\/schema.org\/ImageObject\" >\n\t\t\t\t\t\t<span itemprop='url'>https:\/\/web.sanjuan.gob.ar\/capacitacion\/wp-content\/uploads\/sites\/14\/2021\/11\/INAP.png<\/span>\n\t\t\t\t\t\t<span itemprop='height'>441<\/span>\n\t\t\t\t\t\t<span itemprop='width'>451<\/span>\n\t\t\t\t<\/span>\n\t\t\t\t<span class='av-structured-data'  itemprop=\"publisher\" itemtype=\"https:\/\/schema.org\/Organization\" itemscope=\"itemscope\" >\n\t\t\t\t\t\t<span itemprop='name'>glucero<\/span>\n\t\t\t\t\t\t<span itemprop='logo' itemscope itemtype='https:\/\/schema.org\/ImageObject'>\n\t\t\t\t\t\t\t<span itemprop='url'>https:\/\/web.sanjuan.gob.ar\/capacitacion\/wp-content\/uploads\/sites\/14\/2024\/01\/Isologo-Gobierno-de-San-Juan-Ministerio-de-Economia-Finanzas-Haciendas.png<\/span>\n\t\t\t\t\t\t<\/span>\n\t\t\t\t<\/span><span class='av-structured-data'  itemprop=\"author\" itemscope=\"itemscope\" itemtype=\"https:\/\/schema.org\/Person\" ><span itemprop='name'>glucero<\/span><\/span><span class='av-structured-data'  itemprop=\"datePublished\" datetime=\"2013-04-01T15:37:54+00:00\" >2023-04-24 14:11:13<\/span><span class='av-structured-data'  itemprop=\"dateModified\" itemtype=\"https:\/\/schema.org\/dateModified\" >2023-06-30 15:55:13<\/span><span class='av-structured-data'  itemprop=\"mainEntityOfPage\" itemtype=\"https:\/\/schema.org\/mainEntityOfPage\" ><span itemprop='name'>Portal de Capacitaci\u00f3n &#8211; INAP<\/span><\/span><\/span><\/article><article class='slide-entry flex_column  post-entry post-entry-3858 slide-entry-overview slide-loop-2 slide-parity-even  av_one_fourth  real-thumbnail posttype-post post-format-standard'  itemscope=\"itemscope\" itemtype=\"https:\/\/schema.org\/CreativeWork\" ><a href='https:\/\/web.sanjuan.gob.ar\/capacitacion\/2023\/02\/03\/quien-fue-mmicaela\/' data-rel='slide-1' class='slide-image' title='Capacitaci\u00f3n Ley Micaela'><img decoding=\"async\" fetchpriority=\"high\" width=\"260\" height=\"185\" src=\"https:\/\/web.sanjuan.gob.ar\/capacitacion\/wp-content\/uploads\/sites\/14\/2021\/11\/Ley-Micaela-260x185.png\" class=\"wp-image-3867 avia-img-lazy-loading-not-3867 attachment-portfolio_small size-portfolio_small wp-post-image\" alt=\"\" \/><\/a><div class=\"slide-content\"><header class=\"entry-content-header\" aria-label=\"Slide: Capacitaci\u00f3n Ley Micaela\"><h3 class='slide-entry-title entry-title '  itemprop=\"headline\" ><a href='https:\/\/web.sanjuan.gob.ar\/capacitacion\/2023\/02\/03\/quien-fue-mmicaela\/' title='Capacitaci\u00f3n Ley Micaela'>Capacitaci\u00f3n Ley Micaela<\/a><\/h3><span class=\"av-vertical-delimiter\"><\/span><\/header><\/div><footer class=\"entry-footer\"><\/footer><span class='hidden'>\n\t\t\t\t<span class='av-structured-data'  itemprop=\"image\" itemscope=\"itemscope\" itemtype=\"https:\/\/schema.org\/ImageObject\" >\n\t\t\t\t\t\t<span itemprop='url'>https:\/\/web.sanjuan.gob.ar\/capacitacion\/wp-content\/uploads\/sites\/14\/2021\/11\/Ley-Micaela.png<\/span>\n\t\t\t\t\t\t<span itemprop='height'>367<\/span>\n\t\t\t\t\t\t<span itemprop='width'>657<\/span>\n\t\t\t\t<\/span>\n\t\t\t\t<span class='av-structured-data'  itemprop=\"publisher\" itemtype=\"https:\/\/schema.org\/Organization\" itemscope=\"itemscope\" >\n\t\t\t\t\t\t<span itemprop='name'>glucero<\/span>\n\t\t\t\t\t\t<span itemprop='logo' itemscope itemtype='https:\/\/schema.org\/ImageObject'>\n\t\t\t\t\t\t\t<span itemprop='url'>https:\/\/web.sanjuan.gob.ar\/capacitacion\/wp-content\/uploads\/sites\/14\/2024\/01\/Isologo-Gobierno-de-San-Juan-Ministerio-de-Economia-Finanzas-Haciendas.png<\/span>\n\t\t\t\t\t\t<\/span>\n\t\t\t\t<\/span><span class='av-structured-data'  itemprop=\"author\" itemscope=\"itemscope\" itemtype=\"https:\/\/schema.org\/Person\" ><span itemprop='name'>glucero<\/span><\/span><span class='av-structured-data'  itemprop=\"datePublished\" datetime=\"2013-04-01T15:37:54+00:00\" >2023-02-03 10:56:29<\/span><span class='av-structured-data'  itemprop=\"dateModified\" itemtype=\"https:\/\/schema.org\/dateModified\" >2023-02-13 22:18:34<\/span><span class='av-structured-data'  itemprop=\"mainEntityOfPage\" itemtype=\"https:\/\/schema.org\/mainEntityOfPage\" ><span itemprop='name'>Capacitaci\u00f3n Ley Micaela<\/span><\/span><\/span><\/article><article class='slide-entry flex_column  post-entry post-entry-4013 slide-entry-overview slide-loop-3 slide-parity-odd  av_one_fourth  real-thumbnail posttype-post post-format-standard'  itemscope=\"itemscope\" itemtype=\"https:\/\/schema.org\/CreativeWork\" ><a href='https:\/\/web.sanjuan.gob.ar\/capacitacion\/2022\/06\/15\/prevencion-de-accidentes-por-monoxido-de-carbono\/' data-rel='slide-1' class='slide-image' title='Prevenci\u00f3n de Accidentes por Mon\u00f3xido de Carbono'><img decoding=\"async\" fetchpriority=\"high\" width=\"260\" height=\"185\" src=\"https:\/\/web.sanjuan.gob.ar\/capacitacion\/wp-content\/uploads\/sites\/14\/2022\/06\/envenenamiento-con-CO-cafydma-260x185.jpg\" class=\"wp-image-4015 avia-img-lazy-loading-not-4015 attachment-portfolio_small size-portfolio_small wp-post-image\" alt=\"\" \/><\/a><div class=\"slide-content\"><header class=\"entry-content-header\" aria-label=\"Slide: Prevenci\u00f3n de Accidentes por Mon\u00f3xido de Carbono\"><h3 class='slide-entry-title entry-title '  itemprop=\"headline\" ><a href='https:\/\/web.sanjuan.gob.ar\/capacitacion\/2022\/06\/15\/prevencion-de-accidentes-por-monoxido-de-carbono\/' title='Prevenci\u00f3n de Accidentes por Mon\u00f3xido de Carbono'>Prevenci\u00f3n de Accidentes por Mon\u00f3xido de Carbono<\/a><\/h3><span class=\"av-vertical-delimiter\"><\/span><\/header><\/div><footer class=\"entry-footer\"><\/footer><span class='hidden'>\n\t\t\t\t<span class='av-structured-data'  itemprop=\"image\" itemscope=\"itemscope\" itemtype=\"https:\/\/schema.org\/ImageObject\" >\n\t\t\t\t\t\t<span itemprop='url'>https:\/\/web.sanjuan.gob.ar\/capacitacion\/wp-content\/uploads\/sites\/14\/2022\/06\/envenenamiento-con-CO-cafydma.jpg<\/span>\n\t\t\t\t\t\t<span itemprop='height'>294<\/span>\n\t\t\t\t\t\t<span itemprop='width'>456<\/span>\n\t\t\t\t<\/span>\n\t\t\t\t<span class='av-structured-data'  itemprop=\"publisher\" itemtype=\"https:\/\/schema.org\/Organization\" itemscope=\"itemscope\" >\n\t\t\t\t\t\t<span itemprop='name'>glucero<\/span>\n\t\t\t\t\t\t<span itemprop='logo' itemscope itemtype='https:\/\/schema.org\/ImageObject'>\n\t\t\t\t\t\t\t<span itemprop='url'>https:\/\/web.sanjuan.gob.ar\/capacitacion\/wp-content\/uploads\/sites\/14\/2024\/01\/Isologo-Gobierno-de-San-Juan-Ministerio-de-Economia-Finanzas-Haciendas.png<\/span>\n\t\t\t\t\t\t<\/span>\n\t\t\t\t<\/span><span class='av-structured-data'  itemprop=\"author\" itemscope=\"itemscope\" itemtype=\"https:\/\/schema.org\/Person\" ><span itemprop='name'>glucero<\/span><\/span><span class='av-structured-data'  itemprop=\"datePublished\" datetime=\"2013-04-01T15:37:54+00:00\" >2022-06-15 14:35:18<\/span><span class='av-structured-data'  itemprop=\"dateModified\" itemtype=\"https:\/\/schema.org\/dateModified\" >2022-08-09 12:38:29<\/span><span class='av-structured-data'  itemprop=\"mainEntityOfPage\" itemtype=\"https:\/\/schema.org\/mainEntityOfPage\" ><span itemprop='name'>Prevenci\u00f3n de Accidentes por Mon\u00f3xido de Carbono<\/span><\/span><\/span><\/article><article class='slide-entry flex_column  post-entry post-entry-3919 slide-entry-overview slide-loop-4 slide-parity-even  av_one_fourth  real-thumbnail posttype-post post-format-standard'  itemscope=\"itemscope\" itemtype=\"https:\/\/schema.org\/CreativeWork\" ><a href='https:\/\/web.sanjuan.gob.ar\/capacitacion\/2021\/11\/24\/procedimientos-de-art-para-referentes-administrativos\/' data-rel='slide-1' class='slide-image' title='Procedimientos de ART para referentes administrativos'><img decoding=\"async\" fetchpriority=\"high\" width=\"260\" height=\"185\" src=\"https:\/\/web.sanjuan.gob.ar\/capacitacion\/wp-content\/uploads\/sites\/14\/2021\/11\/Dibujo-5-260x185.png\" class=\"wp-image-3906 avia-img-lazy-loading-not-3906 attachment-portfolio_small size-portfolio_small wp-post-image\" alt=\"\" \/><\/a><div class=\"slide-content\"><header class=\"entry-content-header\" aria-label=\"Slide: Procedimientos de ART para referentes administrativos\"><h3 class='slide-entry-title entry-title '  itemprop=\"headline\" ><a href='https:\/\/web.sanjuan.gob.ar\/capacitacion\/2021\/11\/24\/procedimientos-de-art-para-referentes-administrativos\/' title='Procedimientos de ART para referentes administrativos'>Procedimientos de ART para referentes administrativos<\/a><\/h3><span class=\"av-vertical-delimiter\"><\/span><\/header><\/div><footer class=\"entry-footer\"><\/footer><span class='hidden'>\n\t\t\t\t<span class='av-structured-data'  itemprop=\"image\" itemscope=\"itemscope\" itemtype=\"https:\/\/schema.org\/ImageObject\" >\n\t\t\t\t\t\t<span itemprop='url'>https:\/\/web.sanjuan.gob.ar\/capacitacion\/wp-content\/uploads\/sites\/14\/2021\/11\/Dibujo-5.png<\/span>\n\t\t\t\t\t\t<span itemprop='height'>354<\/span>\n\t\t\t\t\t\t<span itemprop='width'>487<\/span>\n\t\t\t\t<\/span>\n\t\t\t\t<span class='av-structured-data'  itemprop=\"publisher\" itemtype=\"https:\/\/schema.org\/Organization\" itemscope=\"itemscope\" >\n\t\t\t\t\t\t<span itemprop='name'>glucero<\/span>\n\t\t\t\t\t\t<span itemprop='logo' itemscope itemtype='https:\/\/schema.org\/ImageObject'>\n\t\t\t\t\t\t\t<span itemprop='url'>https:\/\/web.sanjuan.gob.ar\/capacitacion\/wp-content\/uploads\/sites\/14\/2024\/01\/Isologo-Gobierno-de-San-Juan-Ministerio-de-Economia-Finanzas-Haciendas.png<\/span>\n\t\t\t\t\t\t<\/span>\n\t\t\t\t<\/span><span class='av-structured-data'  itemprop=\"author\" itemscope=\"itemscope\" itemtype=\"https:\/\/schema.org\/Person\" ><span itemprop='name'>glucero<\/span><\/span><span class='av-structured-data'  itemprop=\"datePublished\" datetime=\"2013-04-01T15:37:54+00:00\" >2021-11-24 04:48:12<\/span><span class='av-structured-data'  itemprop=\"dateModified\" itemtype=\"https:\/\/schema.org\/dateModified\" >2022-08-08 16:41:45<\/span><span class='av-structured-data'  itemprop=\"mainEntityOfPage\" itemtype=\"https:\/\/schema.org\/mainEntityOfPage\" ><span itemprop='name'>Procedimientos de ART para referentes administrativos<\/span><\/span><\/span><\/article><\/div><div class=\"slide-entry-wrap\"><article class='slide-entry flex_column  post-entry post-entry-3916 slide-entry-overview slide-loop-5 slide-parity-odd  av_one_fourth first real-thumbnail posttype-post post-format-standard'  itemscope=\"itemscope\" itemtype=\"https:\/\/schema.org\/CreativeWork\" ><a href='https:\/\/web.sanjuan.gob.ar\/capacitacion\/2021\/11\/24\/gestion-de-compras-siif\/' data-rel='slide-1' class='slide-image' title='Gesti\u00f3n de Compras &#8211; SIIF'><img decoding=\"async\" fetchpriority=\"high\" width=\"260\" height=\"185\" src=\"https:\/\/web.sanjuan.gob.ar\/capacitacion\/wp-content\/uploads\/sites\/14\/2021\/11\/Dibujo-2-260x185.png\" class=\"wp-image-3903 avia-img-lazy-loading-not-3903 attachment-portfolio_small size-portfolio_small wp-post-image\" alt=\"\" \/><\/a><div class=\"slide-content\"><header class=\"entry-content-header\" aria-label=\"Slide: Gesti\u00f3n de Compras - SIIF\"><h3 class='slide-entry-title entry-title '  itemprop=\"headline\" ><a href='https:\/\/web.sanjuan.gob.ar\/capacitacion\/2021\/11\/24\/gestion-de-compras-siif\/' title='Gesti\u00f3n de Compras &#8211; SIIF'>Gesti\u00f3n de Compras &#8211; SIIF<\/a><\/h3><span class=\"av-vertical-delimiter\"><\/span><\/header><\/div><footer class=\"entry-footer\"><\/footer><span class='hidden'>\n\t\t\t\t<span class='av-structured-data'  itemprop=\"image\" itemscope=\"itemscope\" itemtype=\"https:\/\/schema.org\/ImageObject\" >\n\t\t\t\t\t\t<span itemprop='url'>https:\/\/web.sanjuan.gob.ar\/capacitacion\/wp-content\/uploads\/sites\/14\/2021\/11\/Dibujo-2.png<\/span>\n\t\t\t\t\t\t<span itemprop='height'>305<\/span>\n\t\t\t\t\t\t<span itemprop='width'>680<\/span>\n\t\t\t\t<\/span>\n\t\t\t\t<span class='av-structured-data'  itemprop=\"publisher\" itemtype=\"https:\/\/schema.org\/Organization\" itemscope=\"itemscope\" >\n\t\t\t\t\t\t<span itemprop='name'>glucero<\/span>\n\t\t\t\t\t\t<span itemprop='logo' itemscope itemtype='https:\/\/schema.org\/ImageObject'>\n\t\t\t\t\t\t\t<span itemprop='url'>https:\/\/web.sanjuan.gob.ar\/capacitacion\/wp-content\/uploads\/sites\/14\/2024\/01\/Isologo-Gobierno-de-San-Juan-Ministerio-de-Economia-Finanzas-Haciendas.png<\/span>\n\t\t\t\t\t\t<\/span>\n\t\t\t\t<\/span><span class='av-structured-data'  itemprop=\"author\" itemscope=\"itemscope\" itemtype=\"https:\/\/schema.org\/Person\" ><span itemprop='name'>glucero<\/span><\/span><span class='av-structured-data'  itemprop=\"datePublished\" datetime=\"2013-04-01T15:37:54+00:00\" >2021-11-24 04:34:47<\/span><span class='av-structured-data'  itemprop=\"dateModified\" itemtype=\"https:\/\/schema.org\/dateModified\" >2022-08-08 16:41:56<\/span><span class='av-structured-data'  itemprop=\"mainEntityOfPage\" itemtype=\"https:\/\/schema.org\/mainEntityOfPage\" ><span itemprop='name'>Gesti\u00f3n de Compras &#8211; SIIF<\/span><\/span><\/span><\/article><article class='slide-entry flex_column  post-entry post-entry-3908 slide-entry-overview slide-loop-6 slide-parity-even  av_one_fourth  real-thumbnail posttype-post post-format-standard'  itemscope=\"itemscope\" itemtype=\"https:\/\/schema.org\/CreativeWork\" ><a href='https:\/\/web.sanjuan.gob.ar\/capacitacion\/2021\/11\/23\/inscripcion-a-la-capacitacion-siged\/' data-rel='slide-1' class='slide-image' title='Capacitaci\u00f3n: SIGED'><img decoding=\"async\" fetchpriority=\"high\" width=\"260\" height=\"185\" src=\"https:\/\/web.sanjuan.gob.ar\/capacitacion\/wp-content\/uploads\/sites\/14\/2021\/11\/Dibujo-6-260x185.png\" class=\"wp-image-3907 avia-img-lazy-loading-not-3907 attachment-portfolio_small size-portfolio_small wp-post-image\" alt=\"\" \/><\/a><div class=\"slide-content\"><header class=\"entry-content-header\" aria-label=\"Slide: Capacitaci\u00f3n: SIGED\"><h3 class='slide-entry-title entry-title '  itemprop=\"headline\" ><a href='https:\/\/web.sanjuan.gob.ar\/capacitacion\/2021\/11\/23\/inscripcion-a-la-capacitacion-siged\/' title='Capacitaci\u00f3n: SIGED'>Capacitaci\u00f3n: SIGED<\/a><\/h3><span class=\"av-vertical-delimiter\"><\/span><\/header><\/div><footer class=\"entry-footer\"><\/footer><span class='hidden'>\n\t\t\t\t<span class='av-structured-data'  itemprop=\"image\" itemscope=\"itemscope\" itemtype=\"https:\/\/schema.org\/ImageObject\" >\n\t\t\t\t\t\t<span itemprop='url'>https:\/\/web.sanjuan.gob.ar\/capacitacion\/wp-content\/uploads\/sites\/14\/2021\/11\/Dibujo-6.png<\/span>\n\t\t\t\t\t\t<span itemprop='height'>390<\/span>\n\t\t\t\t\t\t<span itemprop='width'>584<\/span>\n\t\t\t\t<\/span>\n\t\t\t\t<span class='av-structured-data'  itemprop=\"publisher\" itemtype=\"https:\/\/schema.org\/Organization\" itemscope=\"itemscope\" >\n\t\t\t\t\t\t<span itemprop='name'>glucero<\/span>\n\t\t\t\t\t\t<span itemprop='logo' itemscope itemtype='https:\/\/schema.org\/ImageObject'>\n\t\t\t\t\t\t\t<span itemprop='url'>https:\/\/web.sanjuan.gob.ar\/capacitacion\/wp-content\/uploads\/sites\/14\/2024\/01\/Isologo-Gobierno-de-San-Juan-Ministerio-de-Economia-Finanzas-Haciendas.png<\/span>\n\t\t\t\t\t\t<\/span>\n\t\t\t\t<\/span><span class='av-structured-data'  itemprop=\"author\" itemscope=\"itemscope\" itemtype=\"https:\/\/schema.org\/Person\" ><span itemprop='name'>glucero<\/span><\/span><span class='av-structured-data'  itemprop=\"datePublished\" datetime=\"2013-04-01T15:37:54+00:00\" >2021-11-23 17:00:56<\/span><span class='av-structured-data'  itemprop=\"dateModified\" itemtype=\"https:\/\/schema.org\/dateModified\" >2022-08-08 16:42:05<\/span><span class='av-structured-data'  itemprop=\"mainEntityOfPage\" itemtype=\"https:\/\/schema.org\/mainEntityOfPage\" ><span itemprop='name'>Capacitaci\u00f3n: SIGED<\/span><\/span><\/span><\/article><article class='slide-entry flex_column  post-entry post-entry-3897 slide-entry-overview slide-loop-7 slide-parity-odd  av_one_fourth  real-thumbnail posttype-post post-format-standard'  itemscope=\"itemscope\" itemtype=\"https:\/\/schema.org\/CreativeWork\" ><a href='https:\/\/web.sanjuan.gob.ar\/capacitacion\/2021\/11\/19\/acompanamiento-para-la-jubilacion\/' data-rel='slide-1' class='slide-image' title='ACOMPA\u00d1AMIENTO PARA LA JUBILACI\u00d3N'><img decoding=\"async\" fetchpriority=\"high\" width=\"260\" height=\"185\" src=\"https:\/\/web.sanjuan.gob.ar\/capacitacion\/wp-content\/uploads\/sites\/14\/2021\/11\/Jubilados-Activos-260x185.png\" class=\"wp-image-3972 avia-img-lazy-loading-not-3972 attachment-portfolio_small size-portfolio_small wp-post-image\" alt=\"\" \/><\/a><div class=\"slide-content\"><header class=\"entry-content-header\" aria-label=\"Slide: ACOMPA\u00d1AMIENTO PARA LA JUBILACI\u00d3N\"><h3 class='slide-entry-title entry-title '  itemprop=\"headline\" ><a href='https:\/\/web.sanjuan.gob.ar\/capacitacion\/2021\/11\/19\/acompanamiento-para-la-jubilacion\/' title='ACOMPA\u00d1AMIENTO PARA LA JUBILACI\u00d3N'>ACOMPA\u00d1AMIENTO PARA LA JUBILACI\u00d3N<\/a><\/h3><span class=\"av-vertical-delimiter\"><\/span><\/header><\/div><footer class=\"entry-footer\"><\/footer><span class='hidden'>\n\t\t\t\t<span class='av-structured-data'  itemprop=\"image\" itemscope=\"itemscope\" itemtype=\"https:\/\/schema.org\/ImageObject\" >\n\t\t\t\t\t\t<span itemprop='url'>https:\/\/web.sanjuan.gob.ar\/capacitacion\/wp-content\/uploads\/sites\/14\/2021\/11\/Jubilados-Activos.png<\/span>\n\t\t\t\t\t\t<span itemprop='height'>370<\/span>\n\t\t\t\t\t\t<span itemprop='width'>656<\/span>\n\t\t\t\t<\/span>\n\t\t\t\t<span class='av-structured-data'  itemprop=\"publisher\" itemtype=\"https:\/\/schema.org\/Organization\" itemscope=\"itemscope\" >\n\t\t\t\t\t\t<span itemprop='name'>glucero<\/span>\n\t\t\t\t\t\t<span itemprop='logo' itemscope itemtype='https:\/\/schema.org\/ImageObject'>\n\t\t\t\t\t\t\t<span itemprop='url'>https:\/\/web.sanjuan.gob.ar\/capacitacion\/wp-content\/uploads\/sites\/14\/2024\/01\/Isologo-Gobierno-de-San-Juan-Ministerio-de-Economia-Finanzas-Haciendas.png<\/span>\n\t\t\t\t\t\t<\/span>\n\t\t\t\t<\/span><span class='av-structured-data'  itemprop=\"author\" itemscope=\"itemscope\" itemtype=\"https:\/\/schema.org\/Person\" ><span itemprop='name'>glucero<\/span><\/span><span class='av-structured-data'  itemprop=\"datePublished\" datetime=\"2013-04-01T15:37:54+00:00\" >2021-11-19 15:56:00<\/span><span class='av-structured-data'  itemprop=\"dateModified\" itemtype=\"https:\/\/schema.org\/dateModified\" >2022-08-08 16:42:13<\/span><span class='av-structured-data'  itemprop=\"mainEntityOfPage\" itemtype=\"https:\/\/schema.org\/mainEntityOfPage\" ><span itemprop='name'>ACOMPA\u00d1AMIENTO PARA LA JUBILACI\u00d3N<\/span><\/span><\/span><\/article><article class='slide-entry flex_column  post-entry post-entry-3773 slide-entry-overview slide-loop-8 slide-parity-even  av_one_fourth  real-thumbnail posttype-post post-format-standard'  itemscope=\"itemscope\" itemtype=\"https:\/\/schema.org\/CreativeWork\" ><a href='https:\/\/web.sanjuan.gob.ar\/capacitacion\/2021\/09\/22\/gestion-de-compras-siif-grupo-1\/' data-rel='slide-1' class='slide-image' title='Gesti\u00f3n de Compras &#8211; SIIF Grupo 1'><img decoding=\"async\" fetchpriority=\"high\" width=\"260\" height=\"185\" src=\"https:\/\/web.sanjuan.gob.ar\/capacitacion\/wp-content\/uploads\/sites\/14\/2021\/09\/Psitio-0.3-260x185.jpg\" class=\"wp-image-3809 avia-img-lazy-loading-not-3809 attachment-portfolio_small size-portfolio_small wp-post-image\" alt=\"\" \/><\/a><div class=\"slide-content\"><header class=\"entry-content-header\" aria-label=\"Slide: Gesti\u00f3n de Compras - SIIF Grupo 1\"><h3 class='slide-entry-title entry-title '  itemprop=\"headline\" ><a href='https:\/\/web.sanjuan.gob.ar\/capacitacion\/2021\/09\/22\/gestion-de-compras-siif-grupo-1\/' title='Gesti\u00f3n de Compras &#8211; SIIF Grupo 1'>Gesti\u00f3n de Compras &#8211; SIIF Grupo 1<\/a><\/h3><span class=\"av-vertical-delimiter\"><\/span><\/header><\/div><footer class=\"entry-footer\"><\/footer><span class='hidden'>\n\t\t\t\t<span class='av-structured-data'  itemprop=\"image\" itemscope=\"itemscope\" itemtype=\"https:\/\/schema.org\/ImageObject\" >\n\t\t\t\t\t\t<span itemprop='url'>https:\/\/web.sanjuan.gob.ar\/capacitacion\/wp-content\/uploads\/sites\/14\/2021\/09\/Psitio-0.3.jpg<\/span>\n\t\t\t\t\t\t<span itemprop='height'>2400<\/span>\n\t\t\t\t\t\t<span itemprop='width'>1600<\/span>\n\t\t\t\t<\/span>\n\t\t\t\t<span class='av-structured-data'  itemprop=\"publisher\" itemtype=\"https:\/\/schema.org\/Organization\" itemscope=\"itemscope\" >\n\t\t\t\t\t\t<span itemprop='name'>glucero<\/span>\n\t\t\t\t\t\t<span itemprop='logo' itemscope itemtype='https:\/\/schema.org\/ImageObject'>\n\t\t\t\t\t\t\t<span itemprop='url'>https:\/\/web.sanjuan.gob.ar\/capacitacion\/wp-content\/uploads\/sites\/14\/2024\/01\/Isologo-Gobierno-de-San-Juan-Ministerio-de-Economia-Finanzas-Haciendas.png<\/span>\n\t\t\t\t\t\t<\/span>\n\t\t\t\t<\/span><span class='av-structured-data'  itemprop=\"author\" itemscope=\"itemscope\" itemtype=\"https:\/\/schema.org\/Person\" ><span itemprop='name'>glucero<\/span><\/span><span class='av-structured-data'  itemprop=\"datePublished\" datetime=\"2013-04-01T15:37:54+00:00\" >2021-09-22 17:03:39<\/span><span class='av-structured-data'  itemprop=\"dateModified\" itemtype=\"https:\/\/schema.org\/dateModified\" >2021-10-12 13:06:15<\/span><span class='av-structured-data'  itemprop=\"mainEntityOfPage\" itemtype=\"https:\/\/schema.org\/mainEntityOfPage\" ><span itemprop='name'>Gesti\u00f3n de Compras &#8211; SIIF Grupo 1<\/span><\/span><\/span><\/article><\/div><div class=\"slide-entry-wrap\"><article class='slide-entry flex_column  post-entry post-entry-2970 slide-entry-overview slide-loop-9 slide-parity-odd  post-entry-last  av_one_fourth first real-thumbnail posttype-post post-format-standard'  itemscope=\"itemscope\" itemtype=\"https:\/\/schema.org\/CreativeWork\" ><a href='https:\/\/web.sanjuan.gob.ar\/capacitacion\/2010\/08\/09\/custom-lightbox-click-the-image\/' data-rel='slide-1' class='slide-image' title='Formaci\u00f3n en ADEP'><img decoding=\"async\" fetchpriority=\"high\" width=\"260\" height=\"185\" src=\"https:\/\/web.sanjuan.gob.ar\/capacitacion\/wp-content\/uploads\/sites\/14\/2010\/08\/Imagen-ADEP-260x185.png\" class=\"wp-image-3895 avia-img-lazy-loading-not-3895 attachment-portfolio_small size-portfolio_small wp-post-image\" alt=\"\" \/><\/a><div class=\"slide-content\"><header class=\"entry-content-header\" aria-label=\"Slide: Formaci\u00f3n en ADEP\"><h3 class='slide-entry-title entry-title '  itemprop=\"headline\" ><a href='https:\/\/web.sanjuan.gob.ar\/capacitacion\/2010\/08\/09\/custom-lightbox-click-the-image\/' title='Formaci\u00f3n en ADEP'>Formaci\u00f3n en ADEP<\/a><\/h3><span class=\"av-vertical-delimiter\"><\/span><\/header><\/div><footer class=\"entry-footer\"><\/footer><span class='hidden'>\n\t\t\t\t<span class='av-structured-data'  itemprop=\"image\" itemscope=\"itemscope\" itemtype=\"https:\/\/schema.org\/ImageObject\" >\n\t\t\t\t\t\t<span itemprop='url'>https:\/\/web.sanjuan.gob.ar\/capacitacion\/wp-content\/uploads\/sites\/14\/2010\/08\/Imagen-ADEP.png<\/span>\n\t\t\t\t\t\t<span itemprop='height'>388<\/span>\n\t\t\t\t\t\t<span itemprop='width'>515<\/span>\n\t\t\t\t<\/span>\n\t\t\t\t<span class='av-structured-data'  itemprop=\"publisher\" itemtype=\"https:\/\/schema.org\/Organization\" itemscope=\"itemscope\" >\n\t\t\t\t\t\t<span itemprop='name'>Gustavo Jury<\/span>\n\t\t\t\t\t\t<span itemprop='logo' itemscope itemtype='https:\/\/schema.org\/ImageObject'>\n\t\t\t\t\t\t\t<span itemprop='url'>https:\/\/web.sanjuan.gob.ar\/capacitacion\/wp-content\/uploads\/sites\/14\/2024\/01\/Isologo-Gobierno-de-San-Juan-Ministerio-de-Economia-Finanzas-Haciendas.png<\/span>\n\t\t\t\t\t\t<\/span>\n\t\t\t\t<\/span><span class='av-structured-data'  itemprop=\"author\" itemscope=\"itemscope\" itemtype=\"https:\/\/schema.org\/Person\" ><span itemprop='name'>Gustavo Jury<\/span><\/span><span class='av-structured-data'  itemprop=\"datePublished\" datetime=\"2013-04-01T15:37:54+00:00\" >2010-08-09 15:45:27<\/span><span class='av-structured-data'  itemprop=\"dateModified\" itemtype=\"https:\/\/schema.org\/dateModified\" >2022-08-08 16:41:34<\/span><span class='av-structured-data'  itemprop=\"mainEntityOfPage\" itemtype=\"https:\/\/schema.org\/mainEntityOfPage\" ><span itemprop='name'>Formaci\u00f3n en ADEP<\/span><\/span><\/span><\/article><\/div><\/div><\/div><\/p><\/div>\n\n<\/div><\/div><\/div><!-- close content main div --><\/div><\/div><div id='layer_slider_2'  class='avia-layerslider main_color avia-shadow  avia-builder-el-15  el_after_av_section  el_before_av_section  slider-not-first container_wrap sidebar_right'  style='height: 471px;'  ><\/div>\n<div id='av_section_3'  class='avia-section av-71xgdy-5d598ea09f348365f87914aa49878f60 main_color avia-section-large avia-no-shadow  avia-builder-el-16  el_after_av_layerslider  el_before_av_section  avia-bg-style-scroll container_wrap sidebar_right'  ><div class='container av-section-cont-open' ><div class='template-page content  av-content-small alpha units'><div class='post-entry post-entry-type-page post-entry-734'><div class='entry-content-wrapper clearfix'>\n<div  class='flex_column av-6tpp0e-811974793ee65a78f8a9a2d8dbd30305 av_one_half  avia-builder-el-17  el_before_av_one_half  avia-builder-el-first  first flex_column_div  '     ><style type=\"text\/css\" data-created_by=\"avia_inline_auto\" id=\"style-css-av-kshl3k6u-c854654cfba8971542b2c9d67f8a8134\">\n#top .avia-gallery.av-kshl3k6u-c854654cfba8971542b2c9d67f8a8134 .avia-gallery-thumb a{\nwidth:20%;\n}\n<\/style>\n<div  class='avia-gallery av-kshl3k6u-c854654cfba8971542b2c9d67f8a8134 avia_animate_when_visible  avia-builder-el-18  avia-builder-el-no-sibling  avia_lazyload av-slideshow-ui av-loop-manual-endless av-control-hidden av-navigate-arrows av-navigate-dots hover-effect av-control-hidden avia-gallery-animate avia-gallery-1'  itemprop=\"image\" itemscope=\"itemscope\" itemtype=\"https:\/\/schema.org\/ImageObject\" ><meta itemprop=\"contentURL\" content=\"https:\/\/web.sanjuan.gob.ar\/capacitacion\/\"><div class='avia-gallery-big-wrapper'><a class='avia-gallery-big fakeLightbox lightbox avia-gallery-big-crop-thumb ' href=\"https:\/\/web.sanjuan.gob.ar\/capacitacion\/wp-content\/uploads\/sites\/14\/2021\/08\/20190424_085719-1030x773.jpg\" data-srcset=\"https:\/\/web.sanjuan.gob.ar\/capacitacion\/wp-content\/uploads\/sites\/14\/2021\/08\/20190424_085719-1030x773.jpg 1030w, https:\/\/web.sanjuan.gob.ar\/capacitacion\/wp-content\/uploads\/sites\/14\/2021\/08\/20190424_085719-300x225.jpg 300w, https:\/\/web.sanjuan.gob.ar\/capacitacion\/wp-content\/uploads\/sites\/14\/2021\/08\/20190424_085719-768x576.jpg 768w, https:\/\/web.sanjuan.gob.ar\/capacitacion\/wp-content\/uploads\/sites\/14\/2021\/08\/20190424_085719-1536x1152.jpg 1536w, https:\/\/web.sanjuan.gob.ar\/capacitacion\/wp-content\/uploads\/sites\/14\/2021\/08\/20190424_085719-2048x1536.jpg 2048w, https:\/\/web.sanjuan.gob.ar\/capacitacion\/wp-content\/uploads\/sites\/14\/2021\/08\/20190424_085719-1500x1125.jpg 1500w, https:\/\/web.sanjuan.gob.ar\/capacitacion\/wp-content\/uploads\/sites\/14\/2021\/08\/20190424_085719-705x529.jpg 705w\" data-sizes=\"(max-width: 1030px) 100vw, 1030px\"  data-onclick='1' title='20190424_085719' ><span class='avia-gallery-big-inner'  itemprop=\"thumbnailUrl\" ><img decoding=\"async\" fetchpriority=\"high\" class=\"wp-image-3357 avia-img-lazy-loading-not-3357\"  width=\"495\" height=\"400\" src=\"https:\/\/web.sanjuan.gob.ar\/capacitacion\/wp-content\/uploads\/sites\/14\/2021\/08\/20190424_085719-495x400.jpg\" title='20190424_085719' alt='' srcset=\"https:\/\/web.sanjuan.gob.ar\/capacitacion\/wp-content\/uploads\/sites\/14\/2021\/08\/20190424_085719-495x400.jpg 495w, https:\/\/web.sanjuan.gob.ar\/capacitacion\/wp-content\/uploads\/sites\/14\/2021\/08\/20190424_085719-845x684.jpg 845w\" sizes=\"(max-width: 495px) 100vw, 495px\" \/><\/span><\/a><\/div><div class='avia-gallery-thumb'><a href=\"https:\/\/web.sanjuan.gob.ar\/capacitacion\/wp-content\/uploads\/sites\/14\/2021\/08\/20190424_085719-1030x773.jpg\" data-srcset=\"https:\/\/web.sanjuan.gob.ar\/capacitacion\/wp-content\/uploads\/sites\/14\/2021\/08\/20190424_085719-1030x773.jpg 1030w, https:\/\/web.sanjuan.gob.ar\/capacitacion\/wp-content\/uploads\/sites\/14\/2021\/08\/20190424_085719-300x225.jpg 300w, https:\/\/web.sanjuan.gob.ar\/capacitacion\/wp-content\/uploads\/sites\/14\/2021\/08\/20190424_085719-768x576.jpg 768w, https:\/\/web.sanjuan.gob.ar\/capacitacion\/wp-content\/uploads\/sites\/14\/2021\/08\/20190424_085719-1536x1152.jpg 1536w, https:\/\/web.sanjuan.gob.ar\/capacitacion\/wp-content\/uploads\/sites\/14\/2021\/08\/20190424_085719-2048x1536.jpg 2048w, https:\/\/web.sanjuan.gob.ar\/capacitacion\/wp-content\/uploads\/sites\/14\/2021\/08\/20190424_085719-1500x1125.jpg 1500w, https:\/\/web.sanjuan.gob.ar\/capacitacion\/wp-content\/uploads\/sites\/14\/2021\/08\/20190424_085719-705x529.jpg 705w\" data-sizes=\"(max-width: 1030px) 100vw, 1030px\" data-rel='gallery-1' data-prev-img='https:\/\/web.sanjuan.gob.ar\/capacitacion\/wp-content\/uploads\/sites\/14\/2021\/08\/20190424_085719-495x400.jpg' class='first_thumb lightbox ' data-onclick='1' title='20190424_085719'  itemprop=\"thumbnailUrl\"  ><img decoding=\"async\" fetchpriority=\"high\" class=\"wp-image-3357 avia-img-lazy-loading-not-3357\"   src=\"https:\/\/web.sanjuan.gob.ar\/capacitacion\/wp-content\/uploads\/sites\/14\/2021\/08\/20190424_085719-495x400.jpg\" width=\"495\" height=\"400\"  title='20190424_085719' alt='' srcset=\"https:\/\/web.sanjuan.gob.ar\/capacitacion\/wp-content\/uploads\/sites\/14\/2021\/08\/20190424_085719-495x400.jpg 495w, https:\/\/web.sanjuan.gob.ar\/capacitacion\/wp-content\/uploads\/sites\/14\/2021\/08\/20190424_085719-845x684.jpg 845w\" sizes=\"(max-width: 495px) 100vw, 495px\" \/><div class='big-prev-fake'><img decoding=\"async\" loading=\"lazy\" class=\"wp-image-3357 avia-img-lazy-loading-3357\"  width=\"495\" height=\"400\" src=\"https:\/\/web.sanjuan.gob.ar\/capacitacion\/wp-content\/uploads\/sites\/14\/2021\/08\/20190424_085719-495x400.jpg\" title='20190424_085719' alt='' srcset=\"https:\/\/web.sanjuan.gob.ar\/capacitacion\/wp-content\/uploads\/sites\/14\/2021\/08\/20190424_085719-495x400.jpg 495w, https:\/\/web.sanjuan.gob.ar\/capacitacion\/wp-content\/uploads\/sites\/14\/2021\/08\/20190424_085719-845x684.jpg 845w\" sizes=\"auto, (max-width: 495px) 100vw, 495px\" \/><\/div><\/a><a href=\"https:\/\/web.sanjuan.gob.ar\/capacitacion\/wp-content\/uploads\/sites\/14\/2021\/08\/20210202_095400-1030x773.jpg\" data-srcset=\"https:\/\/web.sanjuan.gob.ar\/capacitacion\/wp-content\/uploads\/sites\/14\/2021\/08\/20210202_095400-1030x773.jpg 1030w, https:\/\/web.sanjuan.gob.ar\/capacitacion\/wp-content\/uploads\/sites\/14\/2021\/08\/20210202_095400-300x225.jpg 300w, https:\/\/web.sanjuan.gob.ar\/capacitacion\/wp-content\/uploads\/sites\/14\/2021\/08\/20210202_095400-768x576.jpg 768w, https:\/\/web.sanjuan.gob.ar\/capacitacion\/wp-content\/uploads\/sites\/14\/2021\/08\/20210202_095400-1536x1152.jpg 1536w, https:\/\/web.sanjuan.gob.ar\/capacitacion\/wp-content\/uploads\/sites\/14\/2021\/08\/20210202_095400-2048x1536.jpg 2048w, https:\/\/web.sanjuan.gob.ar\/capacitacion\/wp-content\/uploads\/sites\/14\/2021\/08\/20210202_095400-1500x1125.jpg 1500w, https:\/\/web.sanjuan.gob.ar\/capacitacion\/wp-content\/uploads\/sites\/14\/2021\/08\/20210202_095400-705x529.jpg 705w\" data-sizes=\"(max-width: 1030px) 100vw, 1030px\" data-rel='gallery-1' data-prev-img='https:\/\/web.sanjuan.gob.ar\/capacitacion\/wp-content\/uploads\/sites\/14\/2021\/08\/20210202_095400-495x400.jpg' class='lightbox ' data-onclick='2' title='20210202_095400'  itemprop=\"thumbnailUrl\"  ><img decoding=\"async\" fetchpriority=\"high\" class=\"wp-image-3355 avia-img-lazy-loading-not-3355\"   src=\"https:\/\/web.sanjuan.gob.ar\/capacitacion\/wp-content\/uploads\/sites\/14\/2021\/08\/20210202_095400-495x400.jpg\" width=\"495\" height=\"400\"  title='20210202_095400' alt='' srcset=\"https:\/\/web.sanjuan.gob.ar\/capacitacion\/wp-content\/uploads\/sites\/14\/2021\/08\/20210202_095400-495x400.jpg 495w, https:\/\/web.sanjuan.gob.ar\/capacitacion\/wp-content\/uploads\/sites\/14\/2021\/08\/20210202_095400-845x684.jpg 845w\" sizes=\"(max-width: 495px) 100vw, 495px\" \/><div class='big-prev-fake'><img decoding=\"async\" loading=\"lazy\" class=\"wp-image-3355 avia-img-lazy-loading-3355\"  width=\"495\" height=\"400\" src=\"https:\/\/web.sanjuan.gob.ar\/capacitacion\/wp-content\/uploads\/sites\/14\/2021\/08\/20210202_095400-495x400.jpg\" title='20210202_095400' alt='' srcset=\"https:\/\/web.sanjuan.gob.ar\/capacitacion\/wp-content\/uploads\/sites\/14\/2021\/08\/20210202_095400-495x400.jpg 495w, https:\/\/web.sanjuan.gob.ar\/capacitacion\/wp-content\/uploads\/sites\/14\/2021\/08\/20210202_095400-845x684.jpg 845w\" sizes=\"auto, (max-width: 495px) 100vw, 495px\" \/><\/div><\/a><a href=\"https:\/\/web.sanjuan.gob.ar\/capacitacion\/wp-content\/uploads\/sites\/14\/2021\/08\/20190508_092658-1030x773.jpg\" data-srcset=\"https:\/\/web.sanjuan.gob.ar\/capacitacion\/wp-content\/uploads\/sites\/14\/2021\/08\/20190508_092658-1030x773.jpg 1030w, https:\/\/web.sanjuan.gob.ar\/capacitacion\/wp-content\/uploads\/sites\/14\/2021\/08\/20190508_092658-300x225.jpg 300w, https:\/\/web.sanjuan.gob.ar\/capacitacion\/wp-content\/uploads\/sites\/14\/2021\/08\/20190508_092658-768x576.jpg 768w, https:\/\/web.sanjuan.gob.ar\/capacitacion\/wp-content\/uploads\/sites\/14\/2021\/08\/20190508_092658-1536x1152.jpg 1536w, https:\/\/web.sanjuan.gob.ar\/capacitacion\/wp-content\/uploads\/sites\/14\/2021\/08\/20190508_092658-2048x1536.jpg 2048w, https:\/\/web.sanjuan.gob.ar\/capacitacion\/wp-content\/uploads\/sites\/14\/2021\/08\/20190508_092658-1500x1125.jpg 1500w, https:\/\/web.sanjuan.gob.ar\/capacitacion\/wp-content\/uploads\/sites\/14\/2021\/08\/20190508_092658-705x529.jpg 705w\" data-sizes=\"(max-width: 1030px) 100vw, 1030px\" data-rel='gallery-1' data-prev-img='https:\/\/web.sanjuan.gob.ar\/capacitacion\/wp-content\/uploads\/sites\/14\/2021\/08\/20190508_092658-495x400.jpg' class='lightbox ' data-onclick='3' title='20190508_092658'  itemprop=\"thumbnailUrl\"  ><img decoding=\"async\" fetchpriority=\"high\" class=\"wp-image-3354 avia-img-lazy-loading-not-3354\"   src=\"https:\/\/web.sanjuan.gob.ar\/capacitacion\/wp-content\/uploads\/sites\/14\/2021\/08\/20190508_092658-495x400.jpg\" width=\"495\" height=\"400\"  title='20190508_092658' alt='' srcset=\"https:\/\/web.sanjuan.gob.ar\/capacitacion\/wp-content\/uploads\/sites\/14\/2021\/08\/20190508_092658-495x400.jpg 495w, https:\/\/web.sanjuan.gob.ar\/capacitacion\/wp-content\/uploads\/sites\/14\/2021\/08\/20190508_092658-845x684.jpg 845w\" sizes=\"(max-width: 495px) 100vw, 495px\" \/><div class='big-prev-fake'><img decoding=\"async\" loading=\"lazy\" class=\"wp-image-3354 avia-img-lazy-loading-3354\"  width=\"495\" height=\"400\" src=\"https:\/\/web.sanjuan.gob.ar\/capacitacion\/wp-content\/uploads\/sites\/14\/2021\/08\/20190508_092658-495x400.jpg\" title='20190508_092658' alt='' srcset=\"https:\/\/web.sanjuan.gob.ar\/capacitacion\/wp-content\/uploads\/sites\/14\/2021\/08\/20190508_092658-495x400.jpg 495w, https:\/\/web.sanjuan.gob.ar\/capacitacion\/wp-content\/uploads\/sites\/14\/2021\/08\/20190508_092658-845x684.jpg 845w\" sizes=\"auto, (max-width: 495px) 100vw, 495px\" \/><\/div><\/a><a href=\"https:\/\/web.sanjuan.gob.ar\/capacitacion\/wp-content\/uploads\/sites\/14\/2021\/08\/20181212_111918-1030x773.jpg\" data-srcset=\"https:\/\/web.sanjuan.gob.ar\/capacitacion\/wp-content\/uploads\/sites\/14\/2021\/08\/20181212_111918-1030x773.jpg 1030w, https:\/\/web.sanjuan.gob.ar\/capacitacion\/wp-content\/uploads\/sites\/14\/2021\/08\/20181212_111918-300x225.jpg 300w, https:\/\/web.sanjuan.gob.ar\/capacitacion\/wp-content\/uploads\/sites\/14\/2021\/08\/20181212_111918-768x576.jpg 768w, https:\/\/web.sanjuan.gob.ar\/capacitacion\/wp-content\/uploads\/sites\/14\/2021\/08\/20181212_111918-1536x1152.jpg 1536w, https:\/\/web.sanjuan.gob.ar\/capacitacion\/wp-content\/uploads\/sites\/14\/2021\/08\/20181212_111918-2048x1536.jpg 2048w, https:\/\/web.sanjuan.gob.ar\/capacitacion\/wp-content\/uploads\/sites\/14\/2021\/08\/20181212_111918-1500x1125.jpg 1500w, https:\/\/web.sanjuan.gob.ar\/capacitacion\/wp-content\/uploads\/sites\/14\/2021\/08\/20181212_111918-705x529.jpg 705w\" data-sizes=\"(max-width: 1030px) 100vw, 1030px\" data-rel='gallery-1' data-prev-img='https:\/\/web.sanjuan.gob.ar\/capacitacion\/wp-content\/uploads\/sites\/14\/2021\/08\/20181212_111918-495x400.jpg' class='lightbox ' data-onclick='4' title='20181212_111918'  itemprop=\"thumbnailUrl\"  ><img decoding=\"async\" fetchpriority=\"high\" class=\"wp-image-3353 avia-img-lazy-loading-not-3353\"   src=\"https:\/\/web.sanjuan.gob.ar\/capacitacion\/wp-content\/uploads\/sites\/14\/2021\/08\/20181212_111918-495x400.jpg\" width=\"495\" height=\"400\"  title='20181212_111918' alt='' srcset=\"https:\/\/web.sanjuan.gob.ar\/capacitacion\/wp-content\/uploads\/sites\/14\/2021\/08\/20181212_111918-495x400.jpg 495w, https:\/\/web.sanjuan.gob.ar\/capacitacion\/wp-content\/uploads\/sites\/14\/2021\/08\/20181212_111918-845x684.jpg 845w\" sizes=\"(max-width: 495px) 100vw, 495px\" \/><div class='big-prev-fake'><img decoding=\"async\" loading=\"lazy\" class=\"wp-image-3353 avia-img-lazy-loading-3353\"  width=\"495\" height=\"400\" src=\"https:\/\/web.sanjuan.gob.ar\/capacitacion\/wp-content\/uploads\/sites\/14\/2021\/08\/20181212_111918-495x400.jpg\" title='20181212_111918' alt='' srcset=\"https:\/\/web.sanjuan.gob.ar\/capacitacion\/wp-content\/uploads\/sites\/14\/2021\/08\/20181212_111918-495x400.jpg 495w, https:\/\/web.sanjuan.gob.ar\/capacitacion\/wp-content\/uploads\/sites\/14\/2021\/08\/20181212_111918-845x684.jpg 845w\" sizes=\"auto, (max-width: 495px) 100vw, 495px\" \/><\/div><\/a><a href=\"https:\/\/web.sanjuan.gob.ar\/capacitacion\/wp-content\/uploads\/sites\/14\/2021\/08\/20190719_131928-1030x773.jpg\" data-srcset=\"https:\/\/web.sanjuan.gob.ar\/capacitacion\/wp-content\/uploads\/sites\/14\/2021\/08\/20190719_131928-1030x773.jpg 1030w, https:\/\/web.sanjuan.gob.ar\/capacitacion\/wp-content\/uploads\/sites\/14\/2021\/08\/20190719_131928-300x225.jpg 300w, https:\/\/web.sanjuan.gob.ar\/capacitacion\/wp-content\/uploads\/sites\/14\/2021\/08\/20190719_131928-768x576.jpg 768w, https:\/\/web.sanjuan.gob.ar\/capacitacion\/wp-content\/uploads\/sites\/14\/2021\/08\/20190719_131928-1536x1152.jpg 1536w, https:\/\/web.sanjuan.gob.ar\/capacitacion\/wp-content\/uploads\/sites\/14\/2021\/08\/20190719_131928-2048x1536.jpg 2048w, https:\/\/web.sanjuan.gob.ar\/capacitacion\/wp-content\/uploads\/sites\/14\/2021\/08\/20190719_131928-1500x1125.jpg 1500w, https:\/\/web.sanjuan.gob.ar\/capacitacion\/wp-content\/uploads\/sites\/14\/2021\/08\/20190719_131928-705x529.jpg 705w\" data-sizes=\"(max-width: 1030px) 100vw, 1030px\" data-rel='gallery-1' data-prev-img='https:\/\/web.sanjuan.gob.ar\/capacitacion\/wp-content\/uploads\/sites\/14\/2021\/08\/20190719_131928-495x400.jpg' class='lightbox ' data-onclick='5' title='20190719_131928'  itemprop=\"thumbnailUrl\"  ><img decoding=\"async\" fetchpriority=\"high\" class=\"wp-image-3358 avia-img-lazy-loading-not-3358\"   src=\"https:\/\/web.sanjuan.gob.ar\/capacitacion\/wp-content\/uploads\/sites\/14\/2021\/08\/20190719_131928-495x400.jpg\" width=\"495\" height=\"400\"  title='20190719_131928' alt='' srcset=\"https:\/\/web.sanjuan.gob.ar\/capacitacion\/wp-content\/uploads\/sites\/14\/2021\/08\/20190719_131928-495x400.jpg 495w, https:\/\/web.sanjuan.gob.ar\/capacitacion\/wp-content\/uploads\/sites\/14\/2021\/08\/20190719_131928-845x684.jpg 845w\" sizes=\"(max-width: 495px) 100vw, 495px\" \/><div class='big-prev-fake'><img decoding=\"async\" loading=\"lazy\" class=\"wp-image-3358 avia-img-lazy-loading-3358\"  width=\"495\" height=\"400\" src=\"https:\/\/web.sanjuan.gob.ar\/capacitacion\/wp-content\/uploads\/sites\/14\/2021\/08\/20190719_131928-495x400.jpg\" title='20190719_131928' alt='' srcset=\"https:\/\/web.sanjuan.gob.ar\/capacitacion\/wp-content\/uploads\/sites\/14\/2021\/08\/20190719_131928-495x400.jpg 495w, https:\/\/web.sanjuan.gob.ar\/capacitacion\/wp-content\/uploads\/sites\/14\/2021\/08\/20190719_131928-845x684.jpg 845w\" sizes=\"auto, (max-width: 495px) 100vw, 495px\" \/><\/div><\/a><\/div><\/div><\/div><div  class='flex_column av-6l436e-199c6c7ba924235b49505c2075de3c42 av_one_half  avia-builder-el-19  el_after_av_one_half  avia-builder-el-last  flex_column_div  '     ><section  class='av_textblock_section av-6emnmm-a66d8d0ba17e9118b67dd7f716636c50 '   itemscope=\"itemscope\" itemtype=\"https:\/\/schema.org\/CreativeWork\" ><div class='avia_textblock'  itemprop=\"text\" ><h2>Capacitaci\u00f3n en Im\u00e1genes<\/h2>\n<\/div><\/section><br \/>\n<div  class='hr av-68f1h2-ce88eb3ab51813101361e26461f492f9 hr-short  avia-builder-el-21  el_after_av_textblock  el_before_av_textblock  hr-left'><span class='hr-inner '><span class=\"hr-inner-style\"><\/span><\/span><\/div><br \/>\n<section  class='av_textblock_section av-62rsce-e272b3cb67c211ab1c997bd1a1189bf6 '   itemscope=\"itemscope\" itemtype=\"https:\/\/schema.org\/CreativeWork\" ><div class='avia_textblock'  itemprop=\"text\" ><p>Publicamos algunos momentos destacados de las distintas capacitaciones que brindamos, entendiendo que son momentos muy importantes para nuestros funcionarios y agentes de la Administraci\u00f3n P\u00fablica.<\/p>\n<\/div><\/section><br \/>\n<div  class='hr av-l5m06-db8056b3ff6bc291f9dd83a0ae101d37 hr-short  avia-builder-el-23  el_after_av_textblock  avia-builder-el-last  hr-left'><span class='hr-inner '><span class=\"hr-inner-style\"><\/span><\/span><\/div><\/p><\/div>\n\n<\/div><\/div><\/div><!-- close content main div --><\/div><\/div><div id='av_section_4'  class='avia-section av-5hgg46-e56fe63974f757af24f3104b52ee3b27 alternate_color avia-section-large avia-shadow  avia-builder-el-24  el_after_av_section  el_before_av_section  avia-bg-style-scroll container_wrap sidebar_right'  ><div class='container av-section-cont-open' ><div class='template-page content  av-content-small alpha units'><div class='post-entry post-entry-type-page post-entry-734'><div class='entry-content-wrapper clearfix'>\n<div  class='flex_column av-5ffg12-5193b38cec2c92d75045b13c479e47db av_one_half  avia-builder-el-25  el_before_av_one_half  avia-builder-el-first  first flex_column_div  '     ><section  class='av_textblock_section av-58vfvy-902a1f9186efb51f3e5b29e70f0d9b6d '   itemscope=\"itemscope\" itemtype=\"https:\/\/schema.org\/CreativeWork\" ><div class='avia_textblock'  itemprop=\"text\" ><h2 style=\"text-align: right;\">Sobre Nosotros<\/h2>\n<\/div><\/section><br \/>\n<div  class='hr av-52izcm-2e7ec6358b2ce67cd01bb0dc755e66fa hr-short  avia-builder-el-27  el_after_av_textblock  el_before_av_textblock  hr-right'><span class='hr-inner '><span class=\"hr-inner-style\"><\/span><\/span><\/div><br \/>\n<section  class='av_textblock_section av-4xdotq-23b46e443766200ca88ca2b558021851 '   itemscope=\"itemscope\" itemtype=\"https:\/\/schema.org\/CreativeWork\" ><div class='avia_textblock'  itemprop=\"text\" ><p style=\"text-align: right;\">El Equipo de Capacitaci\u00f3n pretende ofrecer servicios que faciliten los espacios de aprendizajes pertinentes y continuos para todo el personal de la Administraci\u00f3n P\u00fabica Provincial.\u00a0 Nuestro objetivo es crear un entorno permanente de formaci\u00f3n mediante las siguientes acciones:<\/p>\n<\/div><\/section><br \/>\n\n<style type=\"text\/css\" data-created_by=\"avia_inline_auto\" id=\"style-css-av-kshmjxol-da8c9f0daa0f11a60ebd613619614806\">\n.avia-image-container.av-kshmjxol-da8c9f0daa0f11a60ebd613619614806 img.avia_image{\nbox-shadow:none;\n}\n.avia-image-container.av-kshmjxol-da8c9f0daa0f11a60ebd613619614806 .av-image-caption-overlay-center{\ncolor:#ffffff;\n}\n<\/style>\n<div  class='avia-image-container av-kshmjxol-da8c9f0daa0f11a60ebd613619614806 av-styling- avia-align-center  avia-builder-el-29  el_after_av_textblock  el_before_av_hr '   itemprop=\"image\" itemscope=\"itemscope\" itemtype=\"https:\/\/schema.org\/ImageObject\" ><div class=\"avia-image-container-inner\"><div class=\"avia-image-overlay-wrap\"><img decoding=\"async\" fetchpriority=\"high\" class='wp-image-3364 avia-img-lazy-loading-not-3364 avia_image ' src=\"https:\/\/web.sanjuan.gob.ar\/capacitacion\/wp-content\/uploads\/sites\/14\/2021\/08\/RRHH-curso-1030x593.jpg\" alt='' title='RRHH-curso'  height=\"593\" width=\"1030\"  itemprop=\"thumbnailUrl\" srcset=\"https:\/\/web.sanjuan.gob.ar\/capacitacion\/wp-content\/uploads\/sites\/14\/2021\/08\/RRHH-curso-1030x593.jpg 1030w, https:\/\/web.sanjuan.gob.ar\/capacitacion\/wp-content\/uploads\/sites\/14\/2021\/08\/RRHH-curso-300x173.jpg 300w, https:\/\/web.sanjuan.gob.ar\/capacitacion\/wp-content\/uploads\/sites\/14\/2021\/08\/RRHH-curso-768x442.jpg 768w, https:\/\/web.sanjuan.gob.ar\/capacitacion\/wp-content\/uploads\/sites\/14\/2021\/08\/RRHH-curso-1536x884.jpg 1536w, https:\/\/web.sanjuan.gob.ar\/capacitacion\/wp-content\/uploads\/sites\/14\/2021\/08\/RRHH-curso-2048x1178.jpg 2048w, https:\/\/web.sanjuan.gob.ar\/capacitacion\/wp-content\/uploads\/sites\/14\/2021\/08\/RRHH-curso-1500x863.jpg 1500w, https:\/\/web.sanjuan.gob.ar\/capacitacion\/wp-content\/uploads\/sites\/14\/2021\/08\/RRHH-curso-705x406.jpg 705w\" sizes=\"(max-width: 1030px) 100vw, 1030px\" \/><\/div><\/div><\/div><br \/>\n<div  class='hr av-h7bbi-79bc839ffe574c03dcee87c4ee7d554a hr-short  avia-builder-el-30  el_after_av_image  avia-builder-el-last  hr-right'><span class='hr-inner '><span class=\"hr-inner-style\"><\/span><\/span><\/div><\/p><\/div><div  class='flex_column av-4e1wzi-68af03d74eb1fcb39060473c9f05dab6 av_one_half  avia-builder-el-31  el_after_av_one_half  avia-builder-el-last  flex_column_div  '     ><style type=\"text\/css\" data-created_by=\"avia_inline_auto\" id=\"style-css-av-fd5di-5ff6d8f7c11c18d45358f20639853399\">\n#top .avia-icon-list-container.av-fd5di-5ff6d8f7c11c18d45358f20639853399 .iconlist_icon{\nbackground-color:#9e2a2a;\n}\n<\/style>\n<div  class='avia-icon-list-container av-fd5di-5ff6d8f7c11c18d45358f20639853399  avia-builder-el-32  avia-builder-el-no-sibling '><ul class='avia-icon-list avia_animate_when_almost_visible avia-icon-list-left av-iconlist-big av-fd5di-5ff6d8f7c11c18d45358f20639853399 avia-iconlist-animate'>\n<li><div class='iconlist_icon av-3zr3t2-3c567f7bbf97e237940250c3d3caf811 avia-font-entypo-fontello avia-iconfont avia-font-entypo-fontello'><span class='av-icon-char' data-av_icon='\ue80c' data-av_iconfont='entypo-fontello' aria-hidden=\"true\"><\/span><\/div><article class=\"article-icon-entry \"  itemscope=\"itemscope\" itemtype=\"https:\/\/schema.org\/CreativeWork\" ><div class=\"iconlist_content_wrap\"><header class=\"entry-content-header\" aria-label=\"Icon: Nuevas Competencias \"><h4 class='av_iconlist_title iconlist_title  '  itemprop=\"headline\" >Nuevas Competencias <\/h4><\/header><div class='iconlist_content '  itemprop=\"text\" ><p>Desarrollar nuevas competencias como posibilidades de m\u00e1s y mejor desarrollo personal.<\/p>\n<\/div><\/div><footer class=\"entry-footer\"><\/footer><\/article><div class=\"iconlist-timeline\"><\/div><\/li>\n<li><div class='iconlist_icon av-3y4t1i-4026c8f6ff15bcd04d41981743a9e8a2 avia-font-entypo-fontello avia-iconfont avia-font-entypo-fontello'><span class='av-icon-char' data-av_icon='\ue856' data-av_iconfont='entypo-fontello' aria-hidden=\"true\"><\/span><\/div><article class=\"article-icon-entry \"  itemscope=\"itemscope\" itemtype=\"https:\/\/schema.org\/CreativeWork\" ><div class=\"iconlist_content_wrap\"><header class=\"entry-content-header\" aria-label=\"Icon: Herramientas\"><h4 class='av_iconlist_title iconlist_title  '  itemprop=\"headline\" >Herramientas<\/h4><\/header><div class='iconlist_content '  itemprop=\"text\" ><p>Ense\u00f1ar herramientas acordes con el objetivo de modernizar los procesos laborales.<\/p>\n<\/div><\/div><footer class=\"entry-footer\"><\/footer><\/article><div class=\"iconlist-timeline\"><\/div><\/li>\n<li><div class='iconlist_icon av-3o5awu-782525e1b88b66d2311c029d7cd4ec53 avia-font-entypo-fontello avia-iconfont avia-font-entypo-fontello'><span class='av-icon-char' data-av_icon='\ue8c9' data-av_iconfont='entypo-fontello' aria-hidden=\"true\"><\/span><\/div><article class=\"article-icon-entry \"  itemscope=\"itemscope\" itemtype=\"https:\/\/schema.org\/CreativeWork\" ><div class=\"iconlist_content_wrap\"><header class=\"entry-content-header\" aria-label=\"Icon: Acompa\u00f1amiento pedag\u00f3gico\"><h4 class='av_iconlist_title iconlist_title  '  itemprop=\"headline\" >Acompa\u00f1amiento pedag\u00f3gico<\/h4><\/header><div class='iconlist_content '  itemprop=\"text\" ><p>Asesorar y acompa\u00f1ar pedag\u00f3gicamente para un eficaz y eficiente proceso formativo.<\/p>\n<\/div><\/div><footer class=\"entry-footer\"><\/footer><\/article><div class=\"iconlist-timeline\"><\/div><\/li>\n<li><div class='iconlist_icon av-3i1gk6-b6bb1e81e14ccb8d948829023a476921 avia-font-entypo-fontello avia-iconfont avia-font-entypo-fontello'><span class='av-icon-char' data-av_icon='\ue83a' data-av_iconfont='entypo-fontello' aria-hidden=\"true\"><\/span><\/div><article class=\"article-icon-entry \"  itemscope=\"itemscope\" itemtype=\"https:\/\/schema.org\/CreativeWork\" ><div class=\"iconlist_content_wrap\"><header class=\"entry-content-header\" aria-label=\"Icon: Asistencia Tecnol\u00f3gica\"><h4 class='av_iconlist_title iconlist_title  '  itemprop=\"headline\" >Asistencia Tecnol\u00f3gica<\/h4><\/header><div class='iconlist_content '  itemprop=\"text\" ><p>Asistir tecnol\u00f3gicamente para un \u00f3ptimo proceso de aprendizaje<\/p>\n<\/div><\/div><footer class=\"entry-footer\"><\/footer><\/article><div class=\"iconlist-timeline\"><\/div><\/li>\n<li><div class='iconlist_icon av-ksg4zvi4-011f6b32ddd9aef54e0292663fe7ff3f avia-font-entypo-fontello avia-iconfont avia-font-entypo-fontello'><span class='av-icon-char' data-av_icon='\ue836' data-av_iconfont='entypo-fontello' aria-hidden=\"true\"><\/span><\/div><article class=\"article-icon-entry \"  itemscope=\"itemscope\" itemtype=\"https:\/\/schema.org\/CreativeWork\" ><div class=\"iconlist_content_wrap\"><header class=\"entry-content-header\" aria-label=\"Icon: Dise\u00f1o de Cursos\"><h4 class='av_iconlist_title iconlist_title  '  itemprop=\"headline\" >Dise\u00f1o de Cursos<\/h4><\/header><div class='iconlist_content '  itemprop=\"text\" ><p>Codise\u00f1ar las formaciones y materiales con los organizadores.<\/p>\n<\/div><\/div><footer class=\"entry-footer\"><\/footer><\/article><div class=\"iconlist-timeline\"><\/div><\/li>\n<li><div class='iconlist_icon av-ksg51119-9630d878e8b3a2df35ab9e63892db892 avia-font-entypo-fontello avia-iconfont avia-font-entypo-fontello'><span class='av-icon-char' data-av_icon='\ue855' data-av_iconfont='entypo-fontello' aria-hidden=\"true\"><\/span><\/div><article class=\"article-icon-entry \"  itemscope=\"itemscope\" itemtype=\"https:\/\/schema.org\/CreativeWork\" ><div class=\"iconlist_content_wrap\"><header class=\"entry-content-header\" aria-label=\"Icon: Organizaci\u00f3n Integral\"><h4 class='av_iconlist_title iconlist_title  '  itemprop=\"headline\" >Organizaci\u00f3n Integral<\/h4><\/header><div class='iconlist_content '  itemprop=\"text\" ><p>Organizaci\u00f3n integral (log\u00edstica) de capacitaciones (difusi\u00f3n, inscripci\u00f3n, certificaci\u00f3n, etc.)<\/p>\n<\/div><\/div><footer class=\"entry-footer\"><\/footer><\/article><div class=\"iconlist-timeline\"><\/div><\/li>\n<li><div class='iconlist_icon av-ksg52cou-436b2e64117a03e74cd8796031e092ed avia-font-entypo-fontello avia-iconfont avia-font-entypo-fontello'><span class='av-icon-char' data-av_icon='\ue80b' data-av_iconfont='entypo-fontello' aria-hidden=\"true\"><\/span><\/div><article class=\"article-icon-entry \"  itemscope=\"itemscope\" itemtype=\"https:\/\/schema.org\/CreativeWork\" ><div class=\"iconlist_content_wrap\"><header class=\"entry-content-header\" aria-label=\"Icon: Facilitaci\u00f3n de Proyectos\"><h4 class='av_iconlist_title iconlist_title  '  itemprop=\"headline\" >Facilitaci\u00f3n de Proyectos<\/h4><\/header><div class='iconlist_content '  itemprop=\"text\" ><p>Facilitar la concreci\u00f3n de proyectos de entrenamiento y formaciones especificas de los APP, de todos los Ministerios.<\/p>\n<\/div><\/div><footer class=\"entry-footer\"><\/footer><\/article><div class=\"iconlist-timeline\"><\/div><\/li>\n<li><div class='iconlist_icon av-ksg53tfq-a8cfbfb1a78f1f5a39c7ca60dadec6b0 avia-font-entypo-fontello avia-iconfont avia-font-entypo-fontello'><span class='av-icon-char' data-av_icon='\ue864' data-av_iconfont='entypo-fontello' aria-hidden=\"true\"><\/span><\/div><article class=\"article-icon-entry \"  itemscope=\"itemscope\" itemtype=\"https:\/\/schema.org\/CreativeWork\" ><div class=\"iconlist_content_wrap\"><header class=\"entry-content-header\" aria-label=\"Icon: Soluciones Operativas\"><h4 class='av_iconlist_title iconlist_title  '  itemprop=\"headline\" >Soluciones Operativas<\/h4><\/header><div class='iconlist_content '  itemprop=\"text\" ><p>Dar soluciones operativas a las necesidades de apropiaci\u00f3n de nuevos saberes y competencias.<\/p>\n<\/div><\/div><footer class=\"entry-footer\"><\/footer><\/article><div class=\"iconlist-timeline\"><\/div><\/li>\n<\/ul><\/div><\/div>\n\n<\/div><\/div><\/div><!-- close content main div --><\/div><\/div>\n<style type=\"text\/css\" data-created_by=\"avia_inline_auto\" id=\"style-css-av-1v31xa-97464b264ab18667313014c4cabef016\">\n.avia-section.av-1v31xa-97464b264ab18667313014c4cabef016{\nbackground-color:#ffffff;\nbackground-image:unset;\n}\n<\/style>\n<div id='av_section_5'  class='avia-section av-1v31xa-97464b264ab18667313014c4cabef016 alternate_color avia-section-large avia-shadow  avia-builder-el-33  el_after_av_section  avia-builder-el-last  avia-bg-style-scroll container_wrap sidebar_right'  ><div class='container av-section-cont-open' ><div class='template-page content  av-content-small alpha units'><div class='post-entry post-entry-type-page post-entry-734'><div class='entry-content-wrapper clearfix'>\n<section  class='av_textblock_section av-1pl12e-3163b8e97d8550dee0f81d684e17b728 '   itemscope=\"itemscope\" itemtype=\"https:\/\/schema.org\/CreativeWork\" ><div class='avia_textblock'  itemprop=\"text\" ><h2 style=\"text-align: center;\">Comentarios de nuestros capacitandos<\/h2>\n<\/div><\/section>\n<div  class='hr av-1k55da-07009ac08947a9a2614c85a8515286b1 hr-short  avia-builder-el-35  el_after_av_textblock  el_before_av_testimonials  hr-center'><span class='hr-inner '><span class=\"hr-inner-style\"><\/span><\/span><\/div>\n<div  class='avia-testimonial-wrapper av-1dpvr2-b254bf994f76d946fb159885684b5821 avia-grid-testimonials avia-grid-2-testimonials avia_animate_when_almost_visible' >\n<section class=\"avia-testimonial-row\"><div class='avia-testimonial av-1bal06-1b3620d404258bcd4eab22b9c2baf3d9 avia-testimonial-row-1 avia-first-testimonial flex_column no_margin av_one_half'><div class='avia-testimonial_inner'  itemscope=\"itemscope\" itemtype=\"https:\/\/schema.org\/CreativeWork\" ><div class='avia-testimonial-image'  itemprop=\"image\" ><img loading=\"lazy\" decoding=\"async\" width=\"180\" height=\"180\" src=\"https:\/\/web.sanjuan.gob.ar\/capacitacion\/wp-content\/uploads\/sites\/14\/2021\/08\/person-244-180x180.png\" class=\"attachment-square size-square\" alt=\"\" srcset=\"https:\/\/web.sanjuan.gob.ar\/capacitacion\/wp-content\/uploads\/sites\/14\/2021\/08\/person-244-180x180.png 180w, https:\/\/web.sanjuan.gob.ar\/capacitacion\/wp-content\/uploads\/sites\/14\/2021\/08\/person-244-80x80.png 80w, https:\/\/web.sanjuan.gob.ar\/capacitacion\/wp-content\/uploads\/sites\/14\/2021\/08\/person-244-109x109.png 109w, https:\/\/web.sanjuan.gob.ar\/capacitacion\/wp-content\/uploads\/sites\/14\/2021\/08\/person-244-100x100.png 100w, https:\/\/web.sanjuan.gob.ar\/capacitacion\/wp-content\/uploads\/sites\/14\/2021\/08\/person-244-36x36.png 36w, https:\/\/web.sanjuan.gob.ar\/capacitacion\/wp-content\/uploads\/sites\/14\/2021\/08\/person-244.png 256w\" sizes=\"auto, (max-width: 180px) 100vw, 180px\" \/><\/div><div class='avia-testimonial-content '><div class='avia-testimonial-markup-entry-content'  itemprop=\"text\" ><p><span style=\"font-weight: 400;\">\u00abSer\u00eda muy bueno que la mayor\u00eda de los agentes p\u00fablicos tengan acceso a este tipo de capacitaci\u00f3n y actualizaci\u00f3n en forma permanente, para su beneficio y el de la comunidad toda.\u00bb<\/span><\/p>\n<\/div><\/div><div class=\"avia-testimonial-meta\"><div class=\"avia-testimonial-arrow-wrap\"><div class=\"avia-arrow\"><\/div><\/div><div class='avia-testimonial-meta-mini'  itemprop=\"author\" itemscope=\"itemscope\" itemtype=\"https:\/\/schema.org\/Person\" ><strong  class='avia-testimonial-name'  itemprop=\"name\" >C. L\u00f3pez<\/strong><\/div><\/div><\/div><\/div>\n<div class='avia-testimonial av-10toby-a99ae7223778dc34495da0f560332254 avia-testimonial-row-1 avia-last-testimonial flex_column no_margin av_one_half'><div class='avia-testimonial_inner'  itemscope=\"itemscope\" itemtype=\"https:\/\/schema.org\/CreativeWork\" ><div class='avia-testimonial-image'  itemprop=\"image\" ><img loading=\"lazy\" decoding=\"async\" width=\"180\" height=\"180\" src=\"https:\/\/web.sanjuan.gob.ar\/capacitacion\/wp-content\/uploads\/sites\/14\/2021\/08\/person-244-180x180.png\" class=\"attachment-square size-square\" alt=\"\" srcset=\"https:\/\/web.sanjuan.gob.ar\/capacitacion\/wp-content\/uploads\/sites\/14\/2021\/08\/person-244-180x180.png 180w, https:\/\/web.sanjuan.gob.ar\/capacitacion\/wp-content\/uploads\/sites\/14\/2021\/08\/person-244-80x80.png 80w, https:\/\/web.sanjuan.gob.ar\/capacitacion\/wp-content\/uploads\/sites\/14\/2021\/08\/person-244-109x109.png 109w, https:\/\/web.sanjuan.gob.ar\/capacitacion\/wp-content\/uploads\/sites\/14\/2021\/08\/person-244-100x100.png 100w, https:\/\/web.sanjuan.gob.ar\/capacitacion\/wp-content\/uploads\/sites\/14\/2021\/08\/person-244-36x36.png 36w, https:\/\/web.sanjuan.gob.ar\/capacitacion\/wp-content\/uploads\/sites\/14\/2021\/08\/person-244.png 256w\" sizes=\"auto, (max-width: 180px) 100vw, 180px\" \/><\/div><div class='avia-testimonial-content '><div class='avia-testimonial-markup-entry-content'  itemprop=\"text\" ><p><span style=\"font-weight: 400;\">Todo muy claro, aprend\u00ed nuevas cosas, nuevos comportamientos!!!! Aplausos <\/span><\/p>\n<\/div><\/div><div class=\"avia-testimonial-meta\"><div class=\"avia-testimonial-arrow-wrap\"><div class=\"avia-arrow\"><\/div><\/div><div class='avia-testimonial-meta-mini'  itemprop=\"author\" itemscope=\"itemscope\" itemtype=\"https:\/\/schema.org\/Person\" ><strong  class='avia-testimonial-name'  itemprop=\"name\" >A. Vandana<\/strong><\/div><\/div><\/div><\/div><\/section>\n<section class=\"avia-testimonial-row\"><div class='avia-testimonial av-z9vue-400810f124a281e70af8d304a23c8182 avia-testimonial-row-2 avia-first-testimonial flex_column no_margin av_one_half'><div class='avia-testimonial_inner'  itemscope=\"itemscope\" itemtype=\"https:\/\/schema.org\/CreativeWork\" ><div class='avia-testimonial-image'  itemprop=\"image\" ><img loading=\"lazy\" decoding=\"async\" width=\"180\" height=\"180\" src=\"https:\/\/web.sanjuan.gob.ar\/capacitacion\/wp-content\/uploads\/sites\/14\/2021\/08\/person-244-180x180.png\" class=\"attachment-square size-square\" alt=\"\" srcset=\"https:\/\/web.sanjuan.gob.ar\/capacitacion\/wp-content\/uploads\/sites\/14\/2021\/08\/person-244-180x180.png 180w, https:\/\/web.sanjuan.gob.ar\/capacitacion\/wp-content\/uploads\/sites\/14\/2021\/08\/person-244-80x80.png 80w, https:\/\/web.sanjuan.gob.ar\/capacitacion\/wp-content\/uploads\/sites\/14\/2021\/08\/person-244-109x109.png 109w, https:\/\/web.sanjuan.gob.ar\/capacitacion\/wp-content\/uploads\/sites\/14\/2021\/08\/person-244-100x100.png 100w, https:\/\/web.sanjuan.gob.ar\/capacitacion\/wp-content\/uploads\/sites\/14\/2021\/08\/person-244-36x36.png 36w, https:\/\/web.sanjuan.gob.ar\/capacitacion\/wp-content\/uploads\/sites\/14\/2021\/08\/person-244.png 256w\" sizes=\"auto, (max-width: 180px) 100vw, 180px\" \/><\/div><div class='avia-testimonial-content '><div class='avia-testimonial-markup-entry-content'  itemprop=\"text\" ><p><span style=\"font-weight: 400;\">Totalmente satisfecha con los conocimientos adquiridos a trav\u00e9s de los contenidos del curso y felicito a las personas que organizaron y dictaron los mismos.<\/span><\/p>\n<\/div><\/div><div class=\"avia-testimonial-meta\"><div class=\"avia-testimonial-arrow-wrap\"><div class=\"avia-arrow\"><\/div><\/div><div class='avia-testimonial-meta-mini'  itemprop=\"author\" itemscope=\"itemscope\" itemtype=\"https:\/\/schema.org\/Person\" ><strong  class='avia-testimonial-name'  itemprop=\"name\" >M. Milli<\/strong><\/div><\/div><\/div><\/div>\n<div class='avia-testimonial av-rmm4e-68b2d93502ef27fa3ca0c90948ada86c avia-testimonial-row-2 avia-last-testimonial flex_column no_margin av_one_half'><div class='avia-testimonial_inner'  itemscope=\"itemscope\" itemtype=\"https:\/\/schema.org\/CreativeWork\" ><div class='avia-testimonial-image'  itemprop=\"image\" ><img loading=\"lazy\" decoding=\"async\" width=\"180\" height=\"180\" src=\"https:\/\/web.sanjuan.gob.ar\/capacitacion\/wp-content\/uploads\/sites\/14\/2021\/08\/person-244-180x180.png\" class=\"attachment-square size-square\" alt=\"\" srcset=\"https:\/\/web.sanjuan.gob.ar\/capacitacion\/wp-content\/uploads\/sites\/14\/2021\/08\/person-244-180x180.png 180w, https:\/\/web.sanjuan.gob.ar\/capacitacion\/wp-content\/uploads\/sites\/14\/2021\/08\/person-244-80x80.png 80w, https:\/\/web.sanjuan.gob.ar\/capacitacion\/wp-content\/uploads\/sites\/14\/2021\/08\/person-244-109x109.png 109w, https:\/\/web.sanjuan.gob.ar\/capacitacion\/wp-content\/uploads\/sites\/14\/2021\/08\/person-244-100x100.png 100w, https:\/\/web.sanjuan.gob.ar\/capacitacion\/wp-content\/uploads\/sites\/14\/2021\/08\/person-244-36x36.png 36w, https:\/\/web.sanjuan.gob.ar\/capacitacion\/wp-content\/uploads\/sites\/14\/2021\/08\/person-244.png 256w\" sizes=\"auto, (max-width: 180px) 100vw, 180px\" \/><\/div><div class='avia-testimonial-content '><div class='avia-testimonial-markup-entry-content'  itemprop=\"text\" ><p><span style=\"font-weight: 400;\">Felicitaciones por tan excelente gu\u00eda hacia nosotros para aprender lo que nos ense\u00f1aron&#8230;muy lindo el di\u00e1logo tanto virtual como ayuda y examen presencial.<\/span><\/p>\n<\/div><\/div><div class=\"avia-testimonial-meta\"><div class=\"avia-testimonial-arrow-wrap\"><div class=\"avia-arrow\"><\/div><\/div><div class='avia-testimonial-meta-mini'  itemprop=\"author\" itemscope=\"itemscope\" itemtype=\"https:\/\/schema.org\/Person\" ><strong  class='avia-testimonial-name'  itemprop=\"name\" >D. G\u00f3mez<\/strong><\/div><\/div><\/div><\/div><\/section>\n<\/div>\n<\/div><\/div><\/div><!-- close content main div --><\/div><\/div><div id='after_section_5'  class='main_color av_default_container_wrap container_wrap sidebar_right'  ><div class='container av-section-cont-open' ><div class='template-page content  av-content-small alpha units'><div class='post-entry post-entry-type-page post-entry-734'><div class='entry-content-wrapper clearfix'>\n","protected":false},"excerpt":{"rendered":"<p>This is a Page excerpt. It will be displayed for search results<\/p>\n","protected":false},"author":4,"featured_media":0,"parent":0,"menu_order":0,"comment_status":"open","ping_status":"open","template":"","meta":{"footnotes":""},"class_list":["post-734","page","type-page","status-publish","hentry"],"_links":{"self":[{"href":"https:\/\/web.sanjuan.gob.ar\/capacitacion\/wp-json\/wp\/v2\/pages\/734","targetHints":{"allow":["GET"]}}],"collection":[{"href":"https:\/\/web.sanjuan.gob.ar\/capacitacion\/wp-json\/wp\/v2\/pages"}],"about":[{"href":"https:\/\/web.sanjuan.gob.ar\/capacitacion\/wp-json\/wp\/v2\/types\/page"}],"author":[{"embeddable":true,"href":"https:\/\/web.sanjuan.gob.ar\/capacitacion\/wp-json\/wp\/v2\/users\/4"}],"replies":[{"embeddable":true,"href":"https:\/\/web.sanjuan.gob.ar\/capacitacion\/wp-json\/wp\/v2\/comments?post=734"}],"version-history":[{"count":5,"href":"https:\/\/web.sanjuan.gob.ar\/capacitacion\/wp-json\/wp\/v2\/pages\/734\/revisions"}],"predecessor-version":[{"id":3675,"href":"https:\/\/web.sanjuan.gob.ar\/capacitacion\/wp-json\/wp\/v2\/pages\/734\/revisions\/3675"}],"wp:attachment":[{"href":"https:\/\/web.sanjuan.gob.ar\/capacitacion\/wp-json\/wp\/v2\/media?parent=734"}],"curies":[{"name":"wp","href":"https:\/\/api.w.org\/{rel}","templated":true}]}}